{"id":2630,"date":"2024-11-10T16:51:07","date_gmt":"2024-11-10T16:51:07","guid":{"rendered":"https:\/\/residentdoctors.ca\/plus-forts-ensemble-celebrer-les-agents-de-changement\/"},"modified":"2026-04-22T19:15:17","modified_gmt":"2026-04-22T19:15:17","slug":"plus-forts-ensemble-celebrer-les-agents-de-changement","status":"publish","type":"page","link":"https:\/\/residentdoctors.ca\/fr\/plus-forts-ensemble-celebrer-les-agents-de-changement\/","title":{"rendered":"Plus forts ensemble \/ C\u00e9l\u00e9brer les agents de changement"},"content":{"rendered":"\n<div class=\"wp-block-group alignfull has-custom-senary-background-color has-background has-global-padding is-layout-constrained wp-block-group-is-layout-constrained\">\n<div class=\"wp-block-group alignfull has-global-padding is-layout-constrained wp-block-group-is-layout-constrained\" style=\"padding-top:var(--wp--preset--spacing--40);padding-bottom:var(--wp--preset--spacing--40)\">\n<div class=\"wp-block-columns are-vertically-aligned-center is-layout-flex wp-container-core-columns-is-layout-28f84493 wp-block-columns-is-layout-flex\">\n<div class=\"wp-block-column is-vertically-aligned-center is-layout-flow wp-block-column-is-layout-flow\" style=\"flex-basis:40%\">\n<h1 class=\"wp-block-heading has-custom-white-color has-text-color has-link-color wp-elements-d03491323be662686eb82a230a8efb82\">C\u00e9l\u00e9brer les agents de changement<\/h1>\n\n\n\n<p class=\"has-custom-secondary-color has-text-color has-link-color has-x-large-font-size wp-elements-31222aca701a54fc9bf3d1c11aaaf01c\"><\/p>\n<\/div>\n\n\n\n<div class=\"wp-block-column is-vertically-aligned-center is-layout-flow wp-block-column-is-layout-flow\" style=\"flex-basis:60%\">\n<div class=\"align wp-block-rdoc-award-toggle\" >\n  <img loading=\"lazy\" decoding=\"async\" width=\"1015\" height=\"1024\" src=\"https:\/\/residentdoctors.ca\/wp-content\/uploads\/2025\/02\/24RDC007-Award-Banners-v1.0-02.jpeg\" class=\"award-image\" alt=\"RDoC Awards Apple Image\" srcset=\"https:\/\/residentdoctors.ca\/wp-content\/uploads\/2025\/02\/24RDC007-Award-Banners-v1.0-02.jpeg 1015w, https:\/\/residentdoctors.ca\/wp-content\/uploads\/2025\/02\/24RDC007-Award-Banners-v1.0-02-297x300.jpeg 297w, https:\/\/residentdoctors.ca\/wp-content\/uploads\/2025\/02\/24RDC007-Award-Banners-v1.0-02-150x150.jpeg 150w, https:\/\/residentdoctors.ca\/wp-content\/uploads\/2025\/02\/24RDC007-Award-Banners-v1.0-02-768x775.jpeg 768w, https:\/\/residentdoctors.ca\/wp-content\/uploads\/2025\/02\/24RDC007-Award-Banners-v1.0-02-60x60.jpeg 60w\" sizes=\"auto, (max-width: 1015px) 100vw, 1015px\" \/><\/div>\n<\/div>\n<\/div>\n<\/div>\n\n\n\n<div class=\"wp-block-group has-global-padding is-layout-constrained wp-block-group-is-layout-constrained\" style=\"margin-top:var(--wp--preset--spacing--60);margin-bottom:var(--wp--preset--spacing--80)\">\n<div class=\"wp-block-group has-global-padding is-content-justification-left is-layout-constrained wp-container-core-group-is-layout-672abc19 wp-block-group-is-layout-constrained\">\n<h2 class=\"wp-block-heading has-custom-white-color has-text-color has-link-color wp-elements-248cbac42fc14401a6f62d4d429a685a\"><strong>RDoC Awards <\/strong><\/h2>\n<\/div>\n\n\n\n<div class=\"wp-block-group has-global-padding is-content-justification-left is-layout-constrained wp-container-core-group-is-layout-404eed5b wp-block-group-is-layout-constrained\">\n<p class=\"has-custom-white-color has-text-color has-link-color wp-elements-849eae66c78e43c56d2eaab1d17772ba\">Par son programme de prix, RDoC reconna\u00eet les personnes qui contribuent \u00e0 am\u00e9liorer diff\u00e9rents aspects de la vie des m\u00e9decins r\u00e9sidents au Canada. Trois prix sont d\u00e9cern\u00e9s chaque ann\u00e9e dans les cat\u00e9gories suivantes : (a) le mieux-\u00eatre, (b) l\u2019\u00e9ducation m\u00e9dicale et (c) le service aux m\u00e9decins r\u00e9sidents.     <\/p>\n\n\n\n<p class=\"has-custom-white-color has-text-color has-link-color wp-elements-f13a3bafdb5e1423ffac1464d3663327\">Parmi les laur\u00e9at\u00b7e\u00b7s des ann\u00e9es pr\u00e9c\u00e9dentes figurent des m\u00e9decins r\u00e9sidents, des directeurs et directrices de programme, des administrateurs et administratrices de la formation m\u00e9dicale postdoctorale (FMPD), ainsi que des organisations qui soutiennent les m\u00e9decins r\u00e9sidents. Les laur\u00e9at\u00b7e\u00b7s des prix de RDoC b\u00e9n\u00e9ficient d\u2019une reconnaissance tant \u00e0 l\u2019\u00e9chelle nationale que locale pour leurs contributions. \u00c0 ce titre, le programme de prix de RDoC demeure l\u2019une des initiatives les plus solides et les plus reconnues de l\u2019organisation.   <\/p>\n<\/div>\n<\/div>\n\n\n\n<div class=\"wp-block-group has-custom-quaternary-color has-text-color has-link-color wp-elements-0c1c7b7c320f8f65f57125be5de5c73d has-global-padding is-layout-constrained wp-block-group-is-layout-constrained\" style=\"padding-top:var(--wp--preset--spacing--60);padding-bottom:var(--wp--preset--spacing--60)\">\n<div class=\"wp-block-columns is-layout-flex wp-container-core-columns-is-layout-28f84493 wp-block-columns-is-layout-flex\">\n<div class=\"wp-block-column is-vertically-aligned-top is-layout-flow wp-block-column-is-layout-flow\" style=\"flex-basis:40%\">\n<h2 class=\"wp-block-heading has-custom-white-color has-text-color has-link-color has-rubik-font-family has-xx-large-font-size wp-elements-7393d342edadc9770e06e3b9733038b8\" style=\"font-style:normal;font-weight:400;text-transform:none\">Prix Puddester pour le mieux-\u00eatre des r\u00e9sidents (r\u00e9sident)<\/h2>\n\n\n\n<figure class=\"wp-block-image size-large\"><img loading=\"lazy\" decoding=\"async\" width=\"830\" height=\"1024\" src=\"https:\/\/residentdoctors.ca\/wp-content\/uploads\/2026\/04\/Erik-Mandawe_Puddester-Resident-830x1024.png\" alt=\"\" class=\"wp-image-3433\" srcset=\"https:\/\/residentdoctors.ca\/wp-content\/uploads\/2026\/04\/Erik-Mandawe_Puddester-Resident-830x1024.png 830w, https:\/\/residentdoctors.ca\/wp-content\/uploads\/2026\/04\/Erik-Mandawe_Puddester-Resident-243x300.png 243w, https:\/\/residentdoctors.ca\/wp-content\/uploads\/2026\/04\/Erik-Mandawe_Puddester-Resident-768x948.png 768w, https:\/\/residentdoctors.ca\/wp-content\/uploads\/2026\/04\/Erik-Mandawe_Puddester-Resident-1244x1536.png 1244w, https:\/\/residentdoctors.ca\/wp-content\/uploads\/2026\/04\/Erik-Mandawe_Puddester-Resident.png 1476w\" sizes=\"auto, (max-width: 830px) 100vw, 830px\" \/><\/figure>\n<\/div>\n\n\n\n<div class=\"wp-block-column is-vertically-aligned-top is-layout-flow wp-block-column-is-layout-flow\" style=\"flex-basis:60%\">\n<div class=\"wp-block-group has-custom-quaternary-color has-text-color has-link-color wp-elements-ba3b6465e1846aaf20bf901315c86588 has-global-padding is-layout-constrained wp-block-group-is-layout-constrained\">\n<h2 class=\"wp-block-heading has-custom-white-color has-text-color has-link-color has-rubik-font-family has-x-large-font-size wp-elements-6a34ee61671c505ce1d94b128f4da487\" style=\"font-style:normal;font-weight:500\">Laur\u00e9at 2026<\/h2>\n\n\n\n<p>Dr Erik Mandawe, R5, Universit\u00e9 Dalhousie<\/p>\n<\/div>\n\n\n\n<p class=\"has-custom-white-color has-text-color has-link-color wp-elements-b6cc0df4d7b68f1009ff03e874b960d6\">Le Dr Erik Mandawe est r\u00e9sident de cinqui\u00e8me ann\u00e9e (R5) en chirurgie plastique et reconstructive \u00e0 l\u2019Universit\u00e9 Dalhousie, dont le travail fait progresser une approche du mieux-\u00eatre des r\u00e9sidents plus inclusive et ancr\u00e9e dans la communaut\u00e9. Par son mentorat aupr\u00e8s d\u2019apprenants en m\u00e9decine autochtones dans le cadre du programme Keknu\u2019tmasiek Ta\u2019n Tel Welo\u2019ltimk, il a contribu\u00e9 \u00e0 cr\u00e9er des espaces favorisant l\u2019appartenance, les liens et un apprentissage culturellement pertinent. <\/p>\n\n\n\n<p class=\"has-custom-white-color has-text-color has-link-color wp-elements-08461bc57258818e841b8a5217d7a2fd\">Le leadership du Dr Mandawe s\u2019\u00e9tend \u00e0 l\u2019\u00e9chelle nationale gr\u00e2ce \u00e0 son r\u00f4le de copr\u00e9sident \u00e0 l\u2019\u00e9ducation du Consortium national sur la formation m\u00e9dicale autochtone, o\u00f9 il contribue \u00e0 faire progresser des recommandations en mati\u00e8re d\u2019antiracisme, de s\u00e9curit\u00e9 culturelle et d\u2019\u00e9quit\u00e9 au sein de la formation m\u00e9dicale. Son travail refl\u00e8te un engagement soutenu \u00e0 renforcer la mani\u00e8re dont le mieux-\u00eatre est compris et soutenu\u2014en le positionnant comme une responsabilit\u00e9 partag\u00e9e, \u00e0 l\u2019\u00e9chelle des syst\u00e8mes, ancr\u00e9e dans la communaut\u00e9, l\u2019identit\u00e9 et l\u2019appartenance. <\/p>\n<\/div>\n<\/div>\n\n\n\n<div class=\"wp-block-columns is-layout-flex wp-container-core-columns-is-layout-28f84493 wp-block-columns-is-layout-flex\">\n<div class=\"wp-block-column is-vertically-aligned-top is-layout-flow wp-block-column-is-layout-flow\" style=\"flex-basis:40%\">\n<h2 class=\"wp-block-heading has-custom-white-color has-text-color has-link-color has-rubik-font-family has-xx-large-font-size wp-elements-f231cbb4feb422390e2f604a0d73789a\" style=\"font-style:normal;font-weight:400;text-transform:none\">Prix Puddester pour le mieux-\u00eatre des r\u00e9sidents (personnel)<\/h2>\n\n\n\n<figure class=\"wp-block-image size-large\"><img loading=\"lazy\" decoding=\"async\" width=\"682\" height=\"1024\" src=\"https:\/\/residentdoctors.ca\/wp-content\/uploads\/2026\/04\/Hermina-Strungaru_Puddester-Staff-682x1024.jpg\" alt=\"\" class=\"wp-image-3427\" srcset=\"https:\/\/residentdoctors.ca\/wp-content\/uploads\/2026\/04\/Hermina-Strungaru_Puddester-Staff-682x1024.jpg 682w, https:\/\/residentdoctors.ca\/wp-content\/uploads\/2026\/04\/Hermina-Strungaru_Puddester-Staff-200x300.jpg 200w, https:\/\/residentdoctors.ca\/wp-content\/uploads\/2026\/04\/Hermina-Strungaru_Puddester-Staff-768x1152.jpg 768w, https:\/\/residentdoctors.ca\/wp-content\/uploads\/2026\/04\/Hermina-Strungaru_Puddester-Staff.jpg 783w\" sizes=\"auto, (max-width: 682px) 100vw, 682px\" \/><\/figure>\n<\/div>\n\n\n\n<div class=\"wp-block-column is-vertically-aligned-top is-layout-flow wp-block-column-is-layout-flow\" style=\"flex-basis:60%\">\n<div class=\"wp-block-group has-custom-quaternary-color has-text-color has-link-color wp-elements-20ac21f73c5ae55802a8cdd24f0f7d10 has-global-padding is-layout-constrained wp-block-group-is-layout-constrained\">\n<h2 class=\"wp-block-heading has-custom-white-color has-text-color has-link-color has-rubik-font-family has-x-large-font-size wp-elements-6a34ee61671c505ce1d94b128f4da487\" style=\"font-style:normal;font-weight:500\">Laur\u00e9at 2026<\/h2>\n\n\n\n<p>Dre Hermina Strungaru, Universit\u00e9 de l\u2019Alberta<\/p>\n<\/div>\n\n\n\n<p class=\"has-custom-white-color has-text-color has-link-color wp-elements-d9ea3994cfbb4ba69ad5ad86dcd36106\">La Dre Hermina Strungaru est directrice du programme de r\u00e9sidence en ophtalmologie \u00e0 l\u2019Universit\u00e9 de l\u2019Alberta et une ardente d\u00e9fenseure de l\u2019int\u00e9gration du mieux-\u00eatre dans la structure m\u00eame de la formation en r\u00e9sidence. Elle a men\u00e9 des changements concrets visant \u00e0 am\u00e9liorer les horaires, \u00e0 renforcer les activit\u00e9s acad\u00e9miques et \u00e0 optimiser les syst\u00e8mes soutenant le repos, le flux de travail et les conditions d\u2019apprentissage des r\u00e9sidents. <\/p>\n\n\n\n<p class=\"has-custom-white-color has-text-color has-link-color wp-elements-e8e44db223b8861e34b5677129c5b291\">Gr\u00e2ce \u00e0 une d\u00e9fense constante des int\u00e9r\u00eats des r\u00e9sidents et \u00e0 un fort engagement envers la s\u00e9curit\u00e9 psychologique, la Dre Strungaru a contribu\u00e9 \u00e0 cr\u00e9er un environnement de formation soutenant et r\u00e9actif, o\u00f9 les r\u00e9sidents se sentent \u00e9cout\u00e9s et valoris\u00e9s. Son engagement envers le mentorat, les pratiques de formation inclusives et l\u2019innovation au niveau des programmes continue de renforcer \u00e0 la fois la qualit\u00e9 de la formation et l\u2019exp\u00e9rience globale des r\u00e9sidents. <\/p>\n<\/div>\n<\/div>\n<\/div>\n\n\n\n<div class=\"wp-block-group has-global-padding is-layout-constrained wp-block-group-is-layout-constrained\">\n<hr class=\"wp-block-separator has-text-color has-alpha-channel-opacity has-background\" style=\"background-color:#ac9d7c;color:#ac9d7c\"\/>\n<\/div>\n\n\n\n<div class=\"wp-block-group has-custom-quaternary-color has-text-color has-link-color wp-elements-afd9a75edebfe567010887822f4ae7cf has-global-padding is-layout-constrained wp-block-group-is-layout-constrained\" style=\"padding-top:var(--wp--preset--spacing--60);padding-bottom:var(--wp--preset--spacing--60)\">\n<div class=\"wp-block-columns is-layout-flex wp-container-core-columns-is-layout-28f84493 wp-block-columns-is-layout-flex\">\n<div class=\"wp-block-column is-vertically-aligned-top is-layout-flow wp-block-column-is-layout-flow\" style=\"flex-basis:40%\">\n<h2 class=\"wp-block-heading has-custom-white-color has-text-color has-link-color has-rubik-font-family has-xx-large-font-size wp-elements-de37de34b512ccd3db595910d0aaf9a9\" style=\"font-style:normal;font-weight:400;text-transform:none\">Prix Mikhael pour l\u2019\u00e9ducation m\u00e9dicale (r\u00e9sident \u2013 Coll\u00e8ge royal)<\/h2>\n\n\n\n<figure class=\"wp-block-image size-large\"><img loading=\"lazy\" decoding=\"async\" width=\"683\" height=\"1024\" src=\"https:\/\/residentdoctors.ca\/wp-content\/uploads\/2026\/04\/Henena-Bentley_Mikhael-Resident-Royal-College-683x1024.jpg\" alt=\"\" class=\"wp-image-3426\" srcset=\"https:\/\/residentdoctors.ca\/wp-content\/uploads\/2026\/04\/Henena-Bentley_Mikhael-Resident-Royal-College-683x1024.jpg 683w, https:\/\/residentdoctors.ca\/wp-content\/uploads\/2026\/04\/Henena-Bentley_Mikhael-Resident-Royal-College-200x300.jpg 200w, https:\/\/residentdoctors.ca\/wp-content\/uploads\/2026\/04\/Henena-Bentley_Mikhael-Resident-Royal-College-768x1151.jpg 768w, https:\/\/residentdoctors.ca\/wp-content\/uploads\/2026\/04\/Henena-Bentley_Mikhael-Resident-Royal-College-1025x1536.jpg 1025w, https:\/\/residentdoctors.ca\/wp-content\/uploads\/2026\/04\/Henena-Bentley_Mikhael-Resident-Royal-College-1366x2048.jpg 1366w, https:\/\/residentdoctors.ca\/wp-content\/uploads\/2026\/04\/Henena-Bentley_Mikhael-Resident-Royal-College.jpg 1601w\" sizes=\"auto, (max-width: 683px) 100vw, 683px\" \/><\/figure>\n<\/div>\n\n\n\n<div class=\"wp-block-column is-vertically-aligned-top is-layout-flow wp-block-column-is-layout-flow\" style=\"flex-basis:60%\">\n<div class=\"wp-block-group has-custom-quaternary-color has-text-color has-link-color wp-elements-7ee126b23fcd65891bff41a8206554c6 has-global-padding is-layout-constrained wp-block-group-is-layout-constrained\">\n<h2 class=\"wp-block-heading has-custom-white-color has-text-color has-link-color has-rubik-font-family has-x-large-font-size wp-elements-6a34ee61671c505ce1d94b128f4da487\" style=\"font-style:normal;font-weight:500\">Laur\u00e9at 2026<\/h2>\n\n\n\n<p>Dre Helena Bentley, R6, Universit\u00e9 de Toronto<\/p>\n\n\n\n<p class=\"has-custom-white-color has-text-color has-link-color wp-elements-3596491d279f2e411e66a6664f7c5a78\"><strong>La Dre Helena Bentley est r\u00e9sidente de sixi\u00e8me ann\u00e9e (R6) en radiologie interventionnelle \u00e0 l\u2019Universit\u00e9 de Toronto, dont le travail contribue \u00e0 cr\u00e9er des parcours plus \u00e9quitables et accessibles en \u00e9ducation m\u00e9dicale. Elle est la fondatrice de MI-RADS : Mentorship in Radiology, une initiative nationale qui \u00e9largit l\u2019acc\u00e8s au mentorat et soutient les apprenants dans l\u2019exploration des carri\u00e8res en radiologie gr\u00e2ce \u00e0 une programmation structur\u00e9e et centr\u00e9e sur l\u2019apprenant.<\/strong> <\/p>\n\n\n\n<p class=\"has-custom-white-color has-text-color has-link-color wp-elements-b861de5fba9c0390df0e0a6c190b3ef2\">Elle a \u00e9galement dirig\u00e9 le d\u00e9veloppement du CAIR Virtual Angiography Suite, une ressource \u00e9ducative nationale qui am\u00e9liore l\u2019acc\u00e8s \u00e0 la formation en radiologie interventionnelle, ind\u00e9pendamment de la g\u00e9ographie ou des ressources institutionnelles. Par son leadership dans le cadre de la Comp\u00e9tence par conception et d\u2019initiatives nationales en \u00e9ducation, la Dre Bentley contribue \u00e0 des am\u00e9liorations syst\u00e9miques qui continueront de fa\u00e7onner la formation m\u00e9dicale au Canada. <\/p>\n<\/div>\n<\/div>\n<\/div>\n\n\n\n<div class=\"wp-block-columns is-layout-flex wp-container-core-columns-is-layout-28f84493 wp-block-columns-is-layout-flex\">\n<div class=\"wp-block-column is-vertically-aligned-top is-layout-flow wp-block-column-is-layout-flow\" style=\"flex-basis:40%\">\n<h2 class=\"wp-block-heading has-custom-white-color has-text-color has-link-color has-rubik-font-family has-xx-large-font-size wp-elements-3ee27330715020418e0975b4ba34c01b\" style=\"font-style:normal;font-weight:400;text-transform:none\">Prix Mikhael pour l\u2019\u00e9ducation m\u00e9dicale (r\u00e9sident \u2013 CMFC)<\/h2>\n\n\n\n<figure class=\"wp-block-image size-large\"><img loading=\"lazy\" decoding=\"async\" width=\"1024\" height=\"684\" src=\"https:\/\/residentdoctors.ca\/wp-content\/uploads\/2026\/04\/Michael-Geurguis_Mikhael-Resident-CFPC-1024x684.jpg\" alt=\"\" class=\"wp-image-3428\" srcset=\"https:\/\/residentdoctors.ca\/wp-content\/uploads\/2026\/04\/Michael-Geurguis_Mikhael-Resident-CFPC-1024x684.jpg 1024w, https:\/\/residentdoctors.ca\/wp-content\/uploads\/2026\/04\/Michael-Geurguis_Mikhael-Resident-CFPC-300x200.jpg 300w, https:\/\/residentdoctors.ca\/wp-content\/uploads\/2026\/04\/Michael-Geurguis_Mikhael-Resident-CFPC-768x513.jpg 768w, https:\/\/residentdoctors.ca\/wp-content\/uploads\/2026\/04\/Michael-Geurguis_Mikhael-Resident-CFPC-1536x1025.jpg 1536w, https:\/\/residentdoctors.ca\/wp-content\/uploads\/2026\/04\/Michael-Geurguis_Mikhael-Resident-CFPC-2048x1367.jpg 2048w\" sizes=\"auto, (max-width: 1024px) 100vw, 1024px\" \/><\/figure>\n<\/div>\n\n\n\n<div class=\"wp-block-column is-vertically-aligned-top is-layout-flow wp-block-column-is-layout-flow\" style=\"flex-basis:60%\">\n<div class=\"wp-block-group has-custom-quaternary-color has-text-color has-link-color wp-elements-e99430ff06cf20d9bded25601fcdc364 has-global-padding is-layout-constrained wp-block-group-is-layout-constrained\">\n<h2 class=\"wp-block-heading has-custom-white-color has-text-color has-link-color has-rubik-font-family has-x-large-font-size wp-elements-6a34ee61671c505ce1d94b128f4da487\" style=\"font-style:normal;font-weight:500\">Laur\u00e9at 2026<\/h2>\n\n\n\n<p>Dr Michael Geurguis, R1, Universit\u00e9 de Toronto<\/p>\n\n\n\n<p class=\"has-custom-white-color has-text-color has-link-color wp-elements-f2c0e416a2d28479c15be16082d5ee06\">Le Dr Michael Geurguis est r\u00e9sident de premi\u00e8re ann\u00e9e (R1) en m\u00e9decine familiale \u00e0 l\u2019Universit\u00e9 de Toronto et fait preuve d\u2019un engagement marqu\u00e9 envers l\u2019avancement de l\u2019\u00e9ducation m\u00e9dicale par l\u2019enseignement, le d\u00e9veloppement des programmes et la d\u00e9fense des int\u00e9r\u00eats des r\u00e9sidents. \u00c0 titre de responsable des s\u00e9minaires Mastery Exercise and Procedure, il con\u00e7oit des activit\u00e9s d\u2019apprentissage pratiques qui renforcent la pr\u00e9paration clinique des \u00e9tudiants en m\u00e9decine. <\/p>\n\n\n\n<p class=\"has-custom-white-color has-text-color has-link-color wp-elements-4120e9f480622b10372d71ea8a603634\">Son leadership dans plusieurs r\u00f4les li\u00e9s aux programmes et \u00e0 la gouvernance\u2014dont le comit\u00e9 FRAT sur le curriculum en am\u00e9lioration de la qualit\u00e9 et le comit\u00e9 du programme de m\u00e9decine\u2014t\u00e9moigne de son engagement \u00e0 am\u00e9liorer \u00e0 la fois la qualit\u00e9 de la formation et l\u2019exp\u00e9rience des r\u00e9sidents. Par ses travaux de recherche et de d\u00e9fense des int\u00e9r\u00eats, notamment en mati\u00e8re d\u2019\u00e9quit\u00e9 en \u00e9ducation m\u00e9dicale, le Dr Geurguis contribue \u00e0 des approches de formation plus r\u00e9fl\u00e9chies, efficaces et centr\u00e9es sur l\u2019apprenant. <\/p>\n<\/div>\n<\/div>\n<\/div>\n<\/div>\n\n\n\n<div class=\"wp-block-group has-custom-quaternary-color has-text-color has-link-color wp-elements-d7ca80846733b8c4ef5bd596dbbbdf48 has-global-padding is-layout-constrained wp-block-group-is-layout-constrained\" style=\"padding-top:var(--wp--preset--spacing--60);padding-bottom:var(--wp--preset--spacing--60)\">\n<div class=\"wp-block-columns is-layout-flex wp-container-core-columns-is-layout-28f84493 wp-block-columns-is-layout-flex\">\n<div class=\"wp-block-column is-vertically-aligned-top is-layout-flow wp-block-column-is-layout-flow\" style=\"flex-basis:40%\">\n<h2 class=\"wp-block-heading has-custom-white-color has-text-color has-link-color has-rubik-font-family has-xx-large-font-size wp-elements-ce631fb191017e1ea365b893b037bfab\" style=\"font-style:normal;font-weight:400;text-transform:none\">Prix Mikhael pour l\u2019\u00e9ducation m\u00e9dicale (personnel)<\/h2>\n\n\n\n<figure class=\"wp-block-image size-large\"><img loading=\"lazy\" decoding=\"async\" width=\"1024\" height=\"980\" src=\"https:\/\/residentdoctors.ca\/wp-content\/uploads\/2026\/04\/Quinten-Paterson_Mikhael-Staff-1024x980.jpg\" alt=\"\" class=\"wp-image-3429\" srcset=\"https:\/\/residentdoctors.ca\/wp-content\/uploads\/2026\/04\/Quinten-Paterson_Mikhael-Staff-1024x980.jpg 1024w, https:\/\/residentdoctors.ca\/wp-content\/uploads\/2026\/04\/Quinten-Paterson_Mikhael-Staff-300x287.jpg 300w, https:\/\/residentdoctors.ca\/wp-content\/uploads\/2026\/04\/Quinten-Paterson_Mikhael-Staff-768x735.jpg 768w, https:\/\/residentdoctors.ca\/wp-content\/uploads\/2026\/04\/Quinten-Paterson_Mikhael-Staff-1536x1471.jpg 1536w, https:\/\/residentdoctors.ca\/wp-content\/uploads\/2026\/04\/Quinten-Paterson_Mikhael-Staff-2048x1961.jpg 2048w\" sizes=\"auto, (max-width: 1024px) 100vw, 1024px\" \/><\/figure>\n<\/div>\n\n\n\n<div class=\"wp-block-column is-vertically-aligned-top is-layout-flow wp-block-column-is-layout-flow\" style=\"flex-basis:60%\">\n<div class=\"wp-block-group has-custom-quaternary-color has-text-color has-link-color wp-elements-c61b4684c9b741e55872bd70f12b02d4 has-global-padding is-layout-constrained wp-block-group-is-layout-constrained\">\n<h2 class=\"wp-block-heading has-custom-white-color has-text-color has-link-color has-rubik-font-family has-x-large-font-size wp-elements-6a34ee61671c505ce1d94b128f4da487\" style=\"font-style:normal;font-weight:500\">Laur\u00e9at 2026<\/h2>\n\n\n\n<p>Dr Quinten Paterson, Universit\u00e9 de la Saskatchewan <\/p>\n<\/div>\n\n\n\n<p class=\"has-custom-white-color has-text-color has-link-color wp-elements-3e9958f7e62d6143492d195063962d7d\">Le Dr Quinten Paterson est m\u00e9decin d\u2019urgence, clinicien enseignant et directeur de programme \u00e0 l\u2019Universit\u00e9 de la Saskatchewan, dont le travail renforce la formation en r\u00e9sidence gr\u00e2ce \u00e0 une conception de programmes centr\u00e9e sur les apprenants et un leadership \u00e0 l\u2019\u00e9chelle nationale. Il a contribu\u00e9 \u00e0 faire \u00e9voluer l\u2019environnement de formation en int\u00e9grant activement les r\u00e9troactions des r\u00e9sidents dans les programmes et les structures p\u00e9dagogiques. <\/p>\n\n\n\n<p class=\"has-custom-white-color has-text-color has-link-color wp-elements-8e6783e17da6cbee82b64f0a49a9413d\">Ses contributions \u00e0 l\u2019am\u00e9lioration de la mise en \u0153uvre de la Comp\u00e9tence par conception\u2014notamment par le d\u00e9veloppement de parcours d\u2019APC (activit\u00e9s professionnelles confiables) plus clairs et de soutiens pratiques\u2014ont permis de cr\u00e9er une exp\u00e9rience d\u2019\u00e9valuation plus accessible et plus soutenante. Gr\u00e2ce \u00e0 ses travaux de recherche, au d\u00e9veloppement des programmes et \u00e0 son engagement envers les r\u00e9sidents, le Dr Paterson fait progresser des am\u00e9liorations concr\u00e8tes en \u00e9ducation m\u00e9dicale, tant au niveau des programmes qu\u2019\u00e0 l\u2019\u00e9chelle nationale. <\/p>\n<\/div>\n<\/div>\n<\/div>\n\n\n\n<div class=\"wp-block-group has-global-padding is-layout-constrained wp-block-group-is-layout-constrained\">\n<hr class=\"wp-block-separator has-text-color has-alpha-channel-opacity has-background\" style=\"background-color:#ac9d7c;color:#ac9d7c\"\/>\n<\/div>\n\n\n\n<div class=\"wp-block-group has-global-padding is-layout-constrained wp-block-group-is-layout-constrained\">\n<hr class=\"wp-block-separator has-text-color has-alpha-channel-opacity has-background\" style=\"background-color:#ac9d7c;color:#ac9d7c\"\/>\n<\/div>\n\n\n\n<div class=\"wp-block-group has-global-padding is-layout-constrained wp-block-group-is-layout-constrained\" style=\"margin-bottom:var(--wp--preset--spacing--70)\">\n<div class=\"wp-block-group has-global-padding is-content-justification-left is-layout-constrained wp-container-core-group-is-layout-7c7b4e56 wp-block-group-is-layout-constrained\" style=\"padding-top:var(--wp--preset--spacing--60);padding-bottom:var(--wp--preset--spacing--40)\">\n<h2 class=\"wp-block-heading has-custom-white-color has-text-color has-link-color wp-elements-23d85cd83bb394693b2810ccbc29cf65\">Prix de MRC \u2014 Foire aux questions<\/h2>\n<\/div>\n\n\n\n<div class=\"wp-block-group has-global-padding is-content-justification-left is-layout-constrained wp-container-core-group-is-layout-0e0a5664 wp-block-group-is-layout-constrained\">\n<p class=\"has-custom-white-color has-text-color has-link-color wp-elements-2723e30b5fa549ff4d7bfd2de3bdc5c6\">Voici quelques questions fr\u00e9quemment pos\u00e9es que nous avons re\u00e7ues \u00e0 propos des prix de MRC.<\/p>\n<\/div>\n<\/div>\n\n\n\n<div class=\"wp-block-group alignfull has-custom-senary-background-color has-background has-global-padding is-layout-constrained wp-block-group-is-layout-constrained\" style=\"margin-top:0;margin-bottom:var(--wp--preset--spacing--70)\">\n<div class=\"wp-block-group is-vertical is-layout-flex wp-container-core-group-is-layout-e9ff9d03 wp-block-group-is-layout-flex\" style=\"padding-top:var(--wp--preset--spacing--30);padding-bottom:var(--wp--preset--spacing--30)\">  <dl\n  class=\"covet-accordion wp-block-covet-accordion-static\"  data-wp-interactive=\"covet-accordion\"\n\tdata-wp-context='{\"isOpen\":false,\"header_id\":\"p-1\",\"panel_id\":\"p-2\"}'  data-wp-init=\"callbacks.init\"\n  data-wp-class--expanded=\"context.isOpen\"\n  >\n\t\t\t\t\n<dt class=\"wp-block-covet-accordion-summary-static\">\n\t<button aria-controls=\"p-2\" aria-expanded=\"false\" id=\"p-1\" data-wp-on--click=\"actions.toggle\" data-wp-bind--aria-expanded=\"context.isOpen\" data-wp-bind--aria-controls=\"context.panel_id\" data-wp-bind--id=\"context.header_id\">\n\t\t\n\n<h3 class=\"wp-block-heading has-black-color has-text-color has-rubik-font-family has-medium-font-size\" style=\"font-style:normal;font-weight:500\">Qui est admissible \u00e0 \u00eatre mis en nomination\u2009?<\/h3>\n\n    <span aria-hidden=\"true\" class=\"icon\" data-wp-class--active=\"context.isOpen\">\n      <svg xmlns=\"http:\/\/www.w3.org\/2000\/svg\" width=\"15.079\" height=\"8.845\" viewBox=\"0 0 15.079 8.845\">\n        <g>\n          <g>\n            <path fill=\"none\" stroke=\"currentColor\" stroke-linecap=\"round\" stroke-linejoin=\"round\" stroke-width=\"2.5\" d=\"M14.018 1.06 7.539 8.095 1.059 1.06\" data-name=\"Path 1250\" \/>\n          <\/g>\n        <\/g>\n      <\/svg>\n\n\t\t<\/span>\n  \t<\/button>\n<\/dt>\n\n\n<dd aria-labelledby=\"p-1\" id=\"p-2\" class=\"wp-block-covet-accordion-content-static\" data-wp-bind--id=\"context.panel_id\" data-wp-class--visible=\"context.isOpen\" data-wp-bind--aria-labelledby=\"context.header_id\">\n  <div class=\"accordion-content\">\n\t\t\n\n<p class=\"has-custom-black-color has-text-color has-link-color wp-elements-af9ec3ea20153746ae1801f5ec493277\">Resident physicians and staff physicians who meet the requirements outlined for the Wellness and Medical Education Awards. Non-physicians who meet the requirements outlined for the Service to Resident Award. Serving RDoC Board members, Member Representatives and Award Committee members are not eligible to receive an RDoC Award.  <\/p>\n\n  <\/div>\n<\/dd>\n\n\t<\/dl>\n\n\n  <dl\n  class=\"covet-accordion wp-block-covet-accordion-static\"  data-wp-interactive=\"covet-accordion\"\n\tdata-wp-context='{\"isOpen\":false,\"header_id\":\"p-3\",\"panel_id\":\"p-4\"}'  data-wp-init=\"callbacks.init\"\n  data-wp-class--expanded=\"context.isOpen\"\n  >\n\t\t\t\t\n<dt class=\"wp-block-covet-accordion-summary-static\">\n\t<button aria-controls=\"p-4\" aria-expanded=\"false\" id=\"p-3\" data-wp-on--click=\"actions.toggle\" data-wp-bind--aria-expanded=\"context.isOpen\" data-wp-bind--aria-controls=\"context.panel_id\" data-wp-bind--id=\"context.header_id\">\n\t\t\n\n<h3 class=\"wp-block-heading has-black-color has-text-color has-rubik-font-family has-medium-font-size\" style=\"font-style:normal;font-weight:500\">Qui peut soumettre une candidature\u2009?<\/h3>\n\n    <span aria-hidden=\"true\" class=\"icon\" data-wp-class--active=\"context.isOpen\">\n      <svg xmlns=\"http:\/\/www.w3.org\/2000\/svg\" width=\"15.079\" height=\"8.845\" viewBox=\"0 0 15.079 8.845\">\n        <g>\n          <g>\n            <path fill=\"none\" stroke=\"currentColor\" stroke-linecap=\"round\" stroke-linejoin=\"round\" stroke-width=\"2.5\" d=\"M14.018 1.06 7.539 8.095 1.059 1.06\" data-name=\"Path 1250\" \/>\n          <\/g>\n        <\/g>\n      <\/svg>\n\n\t\t<\/span>\n  \t<\/button>\n<\/dt>\n\n\n<dd aria-labelledby=\"p-3\" id=\"p-4\" class=\"wp-block-covet-accordion-content-static\" data-wp-bind--id=\"context.panel_id\" data-wp-class--visible=\"context.isOpen\" data-wp-bind--aria-labelledby=\"context.header_id\">\n  <div class=\"accordion-content\">\n\t\t\n\n<p class=\"has-custom-black-color has-text-color has-link-color wp-elements-c4d00b5cccce9eeebb6a39824829a759\">N\u2019importe quel membre de MRC, des associations provinciales, des d\u00e9partements des \u00e9tudes m\u00e9dicales postdoctorales, ou toute autre organisation associ\u00e9e avec MRC ou le domaine de l\u2019enseignement m\u00e9dical postdoctoral.<\/p>\n\n  <\/div>\n<\/dd>\n\n\t<\/dl>\n\n\n  <dl\n  class=\"covet-accordion wp-block-covet-accordion-static\"  data-wp-interactive=\"covet-accordion\"\n\tdata-wp-context='{\"isOpen\":false,\"header_id\":\"p-5\",\"panel_id\":\"p-6\"}'  data-wp-init=\"callbacks.init\"\n  data-wp-class--expanded=\"context.isOpen\"\n  >\n\t\t\t\t\n<dt class=\"wp-block-covet-accordion-summary-static\">\n\t<button aria-controls=\"p-6\" aria-expanded=\"false\" id=\"p-5\" data-wp-on--click=\"actions.toggle\" data-wp-bind--aria-expanded=\"context.isOpen\" data-wp-bind--aria-controls=\"context.panel_id\" data-wp-bind--id=\"context.header_id\">\n\t\t\n\n<h3 class=\"wp-block-heading has-black-color has-text-color has-rubik-font-family has-medium-font-size\" style=\"font-style:normal;font-weight:500\">Est-ce que je peux mettre en nomination une organisation pour un prix de MRC\u2009?<\/h3>\n\n    <span aria-hidden=\"true\" class=\"icon\" data-wp-class--active=\"context.isOpen\">\n      <svg xmlns=\"http:\/\/www.w3.org\/2000\/svg\" width=\"15.079\" height=\"8.845\" viewBox=\"0 0 15.079 8.845\">\n        <g>\n          <g>\n            <path fill=\"none\" stroke=\"currentColor\" stroke-linecap=\"round\" stroke-linejoin=\"round\" stroke-width=\"2.5\" d=\"M14.018 1.06 7.539 8.095 1.059 1.06\" data-name=\"Path 1250\" \/>\n          <\/g>\n        <\/g>\n      <\/svg>\n\n\t\t<\/span>\n  \t<\/button>\n<\/dt>\n\n\n<dd aria-labelledby=\"p-5\" id=\"p-6\" class=\"wp-block-covet-accordion-content-static\" data-wp-bind--id=\"context.panel_id\" data-wp-class--visible=\"context.isOpen\" data-wp-bind--aria-labelledby=\"context.header_id\">\n  <div class=\"accordion-content\">\n\t\t\n\n<p class=\"has-custom-black-color has-text-color has-link-color wp-elements-c34f7407211869c290d64b2572667da1\">Oui, toutefois, vous devrez d\u00e9signer une personne comme point de contact.<\/p>\n\n  <\/div>\n<\/dd>\n\n\t<\/dl>\n\n\n  <dl\n  class=\"covet-accordion wp-block-covet-accordion-static\"  data-wp-interactive=\"covet-accordion\"\n\tdata-wp-context='{\"isOpen\":false,\"header_id\":\"p-7\",\"panel_id\":\"p-8\"}'  data-wp-init=\"callbacks.init\"\n  data-wp-class--expanded=\"context.isOpen\"\n  >\n\t\t\t\t\n<dt class=\"wp-block-covet-accordion-summary-static\">\n\t<button aria-controls=\"p-8\" aria-expanded=\"false\" id=\"p-7\" data-wp-on--click=\"actions.toggle\" data-wp-bind--aria-expanded=\"context.isOpen\" data-wp-bind--aria-controls=\"context.panel_id\" data-wp-bind--id=\"context.header_id\">\n\t\t\n\n<h3 class=\"wp-block-heading has-black-color has-text-color has-rubik-font-family has-medium-font-size\" style=\"font-style:normal;font-weight:500\">Est-ce que je peux me mettre en nomination moi-m\u00eame\u2009?<\/h3>\n\n    <span aria-hidden=\"true\" class=\"icon\" data-wp-class--active=\"context.isOpen\">\n      <svg xmlns=\"http:\/\/www.w3.org\/2000\/svg\" width=\"15.079\" height=\"8.845\" viewBox=\"0 0 15.079 8.845\">\n        <g>\n          <g>\n            <path fill=\"none\" stroke=\"currentColor\" stroke-linecap=\"round\" stroke-linejoin=\"round\" stroke-width=\"2.5\" d=\"M14.018 1.06 7.539 8.095 1.059 1.06\" data-name=\"Path 1250\" \/>\n          <\/g>\n        <\/g>\n      <\/svg>\n\n\t\t<\/span>\n  \t<\/button>\n<\/dt>\n\n\n<dd aria-labelledby=\"p-7\" id=\"p-8\" class=\"wp-block-covet-accordion-content-static\" data-wp-bind--id=\"context.panel_id\" data-wp-class--visible=\"context.isOpen\" data-wp-bind--aria-labelledby=\"context.header_id\">\n  <div class=\"accordion-content\">\n\t\t\n\n<p class=\"has-custom-black-color has-text-color has-link-color wp-elements-632389e5958f31b319d2d2c0191cfa49\">Oui, vous pouvez vous auto-proposer pour un prix de RDoC. Pour renforcer votre candidature, assurez-vous d\u2019inclure de solides lettres d\u2019appui. <\/p>\n\n  <\/div>\n<\/dd>\n\n\t<\/dl>\n\n\n  <dl\n  class=\"covet-accordion wp-block-covet-accordion-static\"  data-wp-interactive=\"covet-accordion\"\n\tdata-wp-context='{\"isOpen\":false,\"header_id\":\"p-9\",\"panel_id\":\"p-10\"}'  data-wp-init=\"callbacks.init\"\n  data-wp-class--expanded=\"context.isOpen\"\n  >\n\t\t\t\t\n<dt class=\"wp-block-covet-accordion-summary-static\">\n\t<button aria-controls=\"p-10\" aria-expanded=\"false\" id=\"p-9\" data-wp-on--click=\"actions.toggle\" data-wp-bind--aria-expanded=\"context.isOpen\" data-wp-bind--aria-controls=\"context.panel_id\" data-wp-bind--id=\"context.header_id\">\n\t\t\n\n<h3 class=\"wp-block-heading has-black-color has-text-color has-rubik-font-family has-medium-font-size\" style=\"font-style:normal;font-weight:500\">Est-ce que je peux mettre en nomination quelqu\u2019un que j\u2019ai d\u00e9j\u00e0 nomin\u00e9\u2009?<\/h3>\n\n    <span aria-hidden=\"true\" class=\"icon\" data-wp-class--active=\"context.isOpen\">\n      <svg xmlns=\"http:\/\/www.w3.org\/2000\/svg\" width=\"15.079\" height=\"8.845\" viewBox=\"0 0 15.079 8.845\">\n        <g>\n          <g>\n            <path fill=\"none\" stroke=\"currentColor\" stroke-linecap=\"round\" stroke-linejoin=\"round\" stroke-width=\"2.5\" d=\"M14.018 1.06 7.539 8.095 1.059 1.06\" data-name=\"Path 1250\" \/>\n          <\/g>\n        <\/g>\n      <\/svg>\n\n\t\t<\/span>\n  \t<\/button>\n<\/dt>\n\n\n<dd aria-labelledby=\"p-9\" id=\"p-10\" class=\"wp-block-covet-accordion-content-static\" data-wp-bind--id=\"context.panel_id\" data-wp-class--visible=\"context.isOpen\" data-wp-bind--aria-labelledby=\"context.header_id\">\n  <div class=\"accordion-content\">\n\t\t\n\n<p class=\"has-custom-black-color has-text-color has-link-color wp-elements-17f96d8b380c10030f54a4943cd4e588\">Oui, il n\u2019y a aucune limite en ce qui concerne le nombre de fois qu\u2019un individu peut \u00eatre nomin\u00e9, \u00e0 condition qu\u2019il r\u00e9ponde aux exigences indiqu\u00e9es pour le prix.<\/p>\n\n  <\/div>\n<\/dd>\n\n\t<\/dl>\n\n\n  <dl\n  class=\"covet-accordion wp-block-covet-accordion-static\"  data-wp-interactive=\"covet-accordion\"\n\tdata-wp-context='{\"isOpen\":false,\"header_id\":\"p-11\",\"panel_id\":\"p-12\"}'  data-wp-init=\"callbacks.init\"\n  data-wp-class--expanded=\"context.isOpen\"\n  >\n\t\t\t\t\n<dt class=\"wp-block-covet-accordion-summary-static\">\n\t<button aria-controls=\"p-12\" aria-expanded=\"false\" id=\"p-11\" data-wp-on--click=\"actions.toggle\" data-wp-bind--aria-expanded=\"context.isOpen\" data-wp-bind--aria-controls=\"context.panel_id\" data-wp-bind--id=\"context.header_id\">\n\t\t\n\n<h3 class=\"wp-block-heading has-black-color has-text-color has-rubik-font-family has-medium-font-size\" style=\"font-style:normal;font-weight:500\">La date limite de soumission des candidatures est-elle flexible\u2009?<\/h3>\n\n    <span aria-hidden=\"true\" class=\"icon\" data-wp-class--active=\"context.isOpen\">\n      <svg xmlns=\"http:\/\/www.w3.org\/2000\/svg\" width=\"15.079\" height=\"8.845\" viewBox=\"0 0 15.079 8.845\">\n        <g>\n          <g>\n            <path fill=\"none\" stroke=\"currentColor\" stroke-linecap=\"round\" stroke-linejoin=\"round\" stroke-width=\"2.5\" d=\"M14.018 1.06 7.539 8.095 1.059 1.06\" data-name=\"Path 1250\" \/>\n          <\/g>\n        <\/g>\n      <\/svg>\n\n\t\t<\/span>\n  \t<\/button>\n<\/dt>\n\n\n<dd aria-labelledby=\"p-11\" id=\"p-12\" class=\"wp-block-covet-accordion-content-static\" data-wp-bind--id=\"context.panel_id\" data-wp-class--visible=\"context.isOpen\" data-wp-bind--aria-labelledby=\"context.header_id\">\n  <div class=\"accordion-content\">\n\t\t\n\n<p class=\"has-custom-black-color has-text-color has-link-color wp-elements-ca621d5eaa25b68a0d69da992b3d9f49\">Normalement, la date limite est fix\u00e9e \u00e0 l\u2019avance. Toutefois, si les circonstances le justifient, RDoC peut prolonger la p\u00e9riode de mise en candidature. <\/p>\n\n  <\/div>\n<\/dd>\n\n\t<\/dl>\n\n\n  <dl\n  class=\"covet-accordion wp-block-covet-accordion-static\"  data-wp-interactive=\"covet-accordion\"\n\tdata-wp-context='{\"isOpen\":false,\"header_id\":\"p-13\",\"panel_id\":\"p-14\"}'  data-wp-init=\"callbacks.init\"\n  data-wp-class--expanded=\"context.isOpen\"\n  >\n\t\t\t\t\n<dt class=\"wp-block-covet-accordion-summary-static\">\n\t<button aria-controls=\"p-14\" aria-expanded=\"false\" id=\"p-13\" data-wp-on--click=\"actions.toggle\" data-wp-bind--aria-expanded=\"context.isOpen\" data-wp-bind--aria-controls=\"context.panel_id\" data-wp-bind--id=\"context.header_id\">\n\t\t\n\n<h3 class=\"wp-block-heading has-black-color has-text-color has-rubik-font-family has-medium-font-size\" style=\"font-style:normal;font-weight:500\">Quels documents sont requis pour appuyer ma candidature\u2009?<\/h3>\n\n    <span aria-hidden=\"true\" class=\"icon\" data-wp-class--active=\"context.isOpen\">\n      <svg xmlns=\"http:\/\/www.w3.org\/2000\/svg\" width=\"15.079\" height=\"8.845\" viewBox=\"0 0 15.079 8.845\">\n        <g>\n          <g>\n            <path fill=\"none\" stroke=\"currentColor\" stroke-linecap=\"round\" stroke-linejoin=\"round\" stroke-width=\"2.5\" d=\"M14.018 1.06 7.539 8.095 1.059 1.06\" data-name=\"Path 1250\" \/>\n          <\/g>\n        <\/g>\n      <\/svg>\n\n\t\t<\/span>\n  \t<\/button>\n<\/dt>\n\n\n<dd aria-labelledby=\"p-13\" id=\"p-14\" class=\"wp-block-covet-accordion-content-static\" data-wp-bind--id=\"context.panel_id\" data-wp-class--visible=\"context.isOpen\" data-wp-bind--aria-labelledby=\"context.header_id\">\n  <div class=\"accordion-content\">\n\t\t\n\n<p class=\"has-custom-black-color has-text-color has-link-color wp-elements-1dfbe4fdfde53537e7c49549da72da20\">Dans le cadre du formulaire de candidature, un profil personnel de 500 mots (maximum) soulignant les contributions, les innovations, la cr\u00e9ativit\u00e9, les r\u00f4les de leadership et de mentorat et l\u2019impact du travail du candidat.<\/p>\n\n\n\n<p class=\"has-custom-black-color has-text-color has-link-color wp-elements-ddf33a9892b61e64e11209b1e7bc410c\">Jusqu\u2019\u00e0 deux lettres d\u2019appui d\u2019une page d\u2019individus ou organisations distinctes qui sont familiers avec les activit\u00e9s du candidat.<\/p>\n\n\n\n<p class=\"has-custom-black-color has-text-color has-link-color wp-elements-86ea30ebb5bea38d45de4059c58f3b84\">Un curriculum vitae de deux \u00e0 trois pages.<\/p>\n\n  <\/div>\n<\/dd>\n\n\t<\/dl>\n\n\n  <dl\n  class=\"covet-accordion wp-block-covet-accordion-static\"  data-wp-interactive=\"covet-accordion\"\n\tdata-wp-context='{\"isOpen\":false,\"header_id\":\"p-15\",\"panel_id\":\"p-16\"}'  data-wp-init=\"callbacks.init\"\n  data-wp-class--expanded=\"context.isOpen\"\n  >\n\t\t\t\t\n<dt class=\"wp-block-covet-accordion-summary-static\">\n\t<button aria-controls=\"p-16\" aria-expanded=\"false\" id=\"p-15\" data-wp-on--click=\"actions.toggle\" data-wp-bind--aria-expanded=\"context.isOpen\" data-wp-bind--aria-controls=\"context.panel_id\" data-wp-bind--id=\"context.header_id\">\n\t\t\n\n<h3 class=\"wp-block-heading has-black-color has-text-color has-rubik-font-family has-medium-font-size\" style=\"font-style:normal;font-weight:500\">Avez-vous des conseils pour mon dossier de candidature\u2009?<\/h3>\n\n    <span aria-hidden=\"true\" class=\"icon\" data-wp-class--active=\"context.isOpen\">\n      <svg xmlns=\"http:\/\/www.w3.org\/2000\/svg\" width=\"15.079\" height=\"8.845\" viewBox=\"0 0 15.079 8.845\">\n        <g>\n          <g>\n            <path fill=\"none\" stroke=\"currentColor\" stroke-linecap=\"round\" stroke-linejoin=\"round\" stroke-width=\"2.5\" d=\"M14.018 1.06 7.539 8.095 1.059 1.06\" data-name=\"Path 1250\" \/>\n          <\/g>\n        <\/g>\n      <\/svg>\n\n\t\t<\/span>\n  \t<\/button>\n<\/dt>\n\n\n<dd aria-labelledby=\"p-15\" id=\"p-16\" class=\"wp-block-covet-accordion-content-static\" data-wp-bind--id=\"context.panel_id\" data-wp-class--visible=\"context.isOpen\" data-wp-bind--aria-labelledby=\"context.header_id\">\n  <div class=\"accordion-content\">\n\t\t\n\n<p class=\"has-custom-black-color has-text-color has-link-color wp-elements-442d66776bf1338f58a5533f511d797c\">Relisez attentivement les descriptions des prix. Soyez complet et mettez l\u2019accent sur les r\u00e9alisations et les comp\u00e9tences de la personne mise en candidature. Adoptez un ton professionnel, \u00e9vitez les renseignements non pertinents et toute formulation biais\u00e9e (p. ex., li\u00e9e au genre). Pr\u00e9sentez la candidature sous son meilleur jour.      <\/p>\n\n\n\n<p class=\"has-custom-black-color has-text-color has-link-color wp-elements-9d3944788c55f2e37daeb637289ca963\">MRC communiquera avec vous si nous croyons que votre dossier de candidature pourrait \u00eatre plus fort.<\/p>\n\n  <\/div>\n<\/dd>\n\n\t<\/dl>\n<\/div>\n<\/div>\n<\/div>\n","protected":false},"excerpt":{"rendered":"<p>C\u00e9l\u00e9brer les agents de changement RDoC Awards Par son programme de prix, RDoC reconna\u00eet les personnes qui contribuent \u00e0 am\u00e9liorer diff\u00e9rents aspects de la vie des m\u00e9decins r\u00e9sidents au Canada. Trois prix sont d\u00e9cern\u00e9s chaque ann\u00e9e dans les cat\u00e9gories suivantes : (a) le mieux-\u00eatre, (b) l\u2019\u00e9ducation m\u00e9dicale et (c) le service aux m\u00e9decins r\u00e9sidents. Parmi [&hellip;]<\/p>\n","protected":false},"author":1,"featured_media":2517,"parent":0,"menu_order":0,"comment_status":"closed","ping_status":"closed","template":"","meta":{"_acf_changed":false,"footnotes":""},"class_list":["post-2630","page","type-page","status-publish","has-post-thumbnail","hentry"],"acf":[],"_links":{"self":[{"href":"https:\/\/residentdoctors.ca\/fr\/wp-json\/wp\/v2\/pages\/2630","targetHints":{"allow":["GET"]}}],"collection":[{"href":"https:\/\/residentdoctors.ca\/fr\/wp-json\/wp\/v2\/pages"}],"about":[{"href":"https:\/\/residentdoctors.ca\/fr\/wp-json\/wp\/v2\/types\/page"}],"author":[{"embeddable":true,"href":"https:\/\/residentdoctors.ca\/fr\/wp-json\/wp\/v2\/users\/1"}],"replies":[{"embeddable":true,"href":"https:\/\/residentdoctors.ca\/fr\/wp-json\/wp\/v2\/comments?post=2630"}],"version-history":[{"count":6,"href":"https:\/\/residentdoctors.ca\/fr\/wp-json\/wp\/v2\/pages\/2630\/revisions"}],"predecessor-version":[{"id":3439,"href":"https:\/\/residentdoctors.ca\/fr\/wp-json\/wp\/v2\/pages\/2630\/revisions\/3439"}],"wp:featuredmedia":[{"embeddable":true,"href":"https:\/\/residentdoctors.ca\/fr\/wp-json\/wp\/v2\/media\/2517"}],"wp:attachment":[{"href":"https:\/\/residentdoctors.ca\/fr\/wp-json\/wp\/v2\/media?parent=2630"}],"curies":[{"name":"wp","href":"https:\/\/api.w.org\/{rel}","templated":true}]}}